{"id":35,"date":"2021-12-16T11:58:32","date_gmt":"2021-12-16T10:58:32","guid":{"rendered":"https:\/\/mave.honzicek.com\/?page_id=35"},"modified":"2026-03-05T12:23:48","modified_gmt":"2026-03-05T11:23:48","slug":"o-nas","status":"publish","type":"page","link":"https:\/\/caro-gard.cz\/?page_id=35","title":{"rendered":"o n\u00e1s"},"content":{"rendered":"<p>[et_pb_section fb_built=&#8221;1&#8243; next_background_color=&#8221;#ffffff&#8221; _builder_version=&#8221;4.16&#8243; _module_preset=&#8221;default&#8221; background_image=&#8221;https:\/\/caro-gard.cz\/wp-content\/uploads\/2021\/12\/zahlavi_pozadi.png&#8221; min_height=&#8221;516.8px&#8221; custom_margin=&#8221;||||false|false&#8221; custom_padding=&#8221;||75px|||&#8221; bottom_divider_style=&#8221;slant&#8221; bottom_divider_height=&#8221;60px&#8221; bottom_divider_repeat=&#8221;1x&#8221; bottom_divider_flip=&#8221;horizontal&#8221; background_last_edited=&#8221;on|phone&#8221; background_image_tablet=&#8221;https:\/\/caro-gard.cz\/wp-content\/uploads\/2021\/12\/zahlavi_pozadi.png&#8221; background_enable_image_tablet=&#8221;on&#8221; global_colors_info=&#8221;{}&#8221;][et_pb_row column_structure=&#8221;1_2,1_2&#8243; _builder_version=&#8221;4.16&#8243; _module_preset=&#8221;default&#8221; width=&#8221;70%&#8221; width_tablet=&#8221;70%&#8221; width_phone=&#8221;100%&#8221; width_last_edited=&#8221;on|phone&#8221; custom_padding=&#8221;25px|||||&#8221; global_colors_info=&#8221;{}&#8221;][et_pb_column type=&#8221;1_2&#8243; _builder_version=&#8221;4.16&#8243; _module_preset=&#8221;default&#8221; global_colors_info=&#8221;{}&#8221;][et_pb_text _builder_version=&#8221;4.16&#8243; _module_preset=&#8221;default&#8221; header_font=&#8221;Inria Serif|700|||||||&#8221; header_text_color=&#8221;#FFFFFF&#8221; header_font_size=&#8221;50px&#8221; custom_margin=&#8221;||-20px|40px|false|false&#8221; custom_margin_last_edited=&#8221;off|desktop&#8221; header_font_size_tablet=&#8221;50px&#8221; header_font_size_phone=&#8221;50px&#8221; header_font_size_last_edited=&#8221;on|desktop&#8221; global_colors_info=&#8221;{}&#8221;]<\/p>\n<h1>\u010cARO<\/h1>\n<p>[\/et_pb_text][et_pb_cta title=&#8221;\u010cesk\u00e1 aliance proti chronick\u00fdm respira\u010dn\u00edm onemocn\u011bn\u00edm&#8221; button_url=&#8221;https:\/\/caro-gard.cz\/?page_id=35#vysl&#8221; button_text=&#8221;na\u0161e v\u00fdsledky&#8221; _builder_version=&#8221;4.16&#8243; _module_preset=&#8221;default&#8221; header_level=&#8221;h3&#8243; header_font=&#8221;Inria Serif|700|||||||&#8221; header_font_size=&#8221;30px&#8221; header_line_height=&#8221;1.3em&#8221; body_font=&#8221;Open Sans||||||||&#8221; body_font_size=&#8221;20px&#8221; body_line_height=&#8221;1.4em&#8221; background_color=&#8221;RGBA(255,255,255,0)&#8221; custom_button=&#8221;on&#8221; button_text_size=&#8221;14px&#8221; button_text_color=&#8221;#FFFFFF&#8221; button_bg_color=&#8221;#DF428B&#8221; button_border_width=&#8221;0px&#8221; button_border_color=&#8221;RGBA(255,255,255,0)&#8221; button_border_radius=&#8221;0px&#8221; button_font=&#8221;Inria Serif|700|||||||&#8221; button_icon=&#8221;&#x24;||divi||400&#8243; button_alignment=&#8221;left&#8221; button_custom_padding=&#8221;10px|25px|10px|25px|false|false&#8221; text_orientation=&#8221;left&#8221; max_width_tablet=&#8221;&#8221; max_width_phone=&#8221;&#8221; max_width_last_edited=&#8221;on|desktop&#8221; header_font_size_tablet=&#8221;30px&#8221; header_font_size_phone=&#8221;30px&#8221; header_font_size_last_edited=&#8221;on|desktop&#8221; body_font_size_tablet=&#8221;20px&#8221; body_font_size_phone=&#8221;20px&#8221; body_font_size_last_edited=&#8221;on|desktop&#8221; global_colors_info=&#8221;{}&#8221;]<\/p>\n<p style=\"text-align: left;\">Bojujeme za sv\u011bt, kde se dob\u0159e d\u00fdch\u00e1. Pracujeme na zvy\u0161ov\u00e1n\u00ed spole\u010densk\u00e9ho pov\u011bdom\u00ed o chronick\u00fdch neinfek\u010dn\u00edch nemocech d\u00fdchac\u00edho syst\u00e9mu.<\/p>\n<p>[\/et_pb_cta][\/et_pb_column][et_pb_column type=&#8221;1_2&#8243; _builder_version=&#8221;4.16&#8243; _module_preset=&#8221;default&#8221; global_colors_info=&#8221;{}&#8221;][et_pb_text _builder_version=&#8221;4.16&#8243; _module_preset=&#8221;default&#8221; header_font=&#8221;Inria Serif|700|||||||&#8221; header_text_color=&#8221;#FFFFFF&#8221; header_font_size=&#8221;50px&#8221; custom_margin=&#8221;||-20px|40px|false|false&#8221; custom_margin_last_edited=&#8221;off|desktop&#8221; header_font_size_tablet=&#8221;50px&#8221; header_font_size_phone=&#8221;50px&#8221; header_font_size_last_edited=&#8221;on|desktop&#8221; global_colors_info=&#8221;{}&#8221;]<\/p>\n<h1>GARD<\/h1>\n<p>[\/et_pb_text][et_pb_cta title=&#8221;Glob\u00e1ln\u00ed aliance proti chronick\u00fdm respira\u010dn\u00edm onemocn\u011bn\u00edm&#8221; button_url=&#8221;https:\/\/gard-breathefreely.org&#8221; url_new_window=&#8221;on&#8221; button_text=&#8221;v\u00edce o GARD&#8221; _builder_version=&#8221;4.16&#8243; _module_preset=&#8221;default&#8221; header_level=&#8221;h4&#8243; header_font=&#8221;Inria Serif|700|||||||&#8221; header_font_size=&#8221;30px&#8221; header_line_height=&#8221;1.3em&#8221; body_font=&#8221;Open Sans||||||||&#8221; body_font_size=&#8221;20px&#8221; body_line_height=&#8221;1.4em&#8221; background_color=&#8221;RGBA(255,255,255,0)&#8221; custom_button=&#8221;on&#8221; button_text_size=&#8221;14px&#8221; button_text_color=&#8221;#FFFFFF&#8221; button_bg_color=&#8221;#DF428B&#8221; button_border_width=&#8221;0px&#8221; button_border_color=&#8221;RGBA(255,255,255,0)&#8221; button_border_radius=&#8221;0px&#8221; button_font=&#8221;Inria Serif|700|||||||&#8221; button_icon=&#8221;&#x24;||divi||400&#8243; button_alignment=&#8221;left&#8221; button_custom_padding=&#8221;10px|25px|10px|25px|false|false&#8221; text_orientation=&#8221;left&#8221; header_font_size_tablet=&#8221;30px&#8221; header_font_size_phone=&#8221;30px&#8221; header_font_size_last_edited=&#8221;on|desktop&#8221; body_font_size_tablet=&#8221;20px&#8221; body_font_size_phone=&#8221;20px&#8221; body_font_size_last_edited=&#8221;on|desktop&#8221; global_colors_info=&#8221;{}&#8221;]<\/p>\n<p style=\"text-align: left;\">Spolupracujeme se sv\u011btovou alianc\u00ed GARD, vz\u00e1jemn\u011b se d\u011bl\u00edme o zku\u0161enosti ve snaze o v\u010dasn\u00e9 odhalov\u00e1n\u00ed plicn\u00edch onemocn\u011bn\u00ed a jejich efektivn\u00ed l\u00e9\u010dbu.<\/p>\n<p>[\/et_pb_cta][\/et_pb_column][\/et_pb_row][\/et_pb_section][et_pb_section fb_built=&#8221;1&#8243; _builder_version=&#8221;4.16&#8243; _module_preset=&#8221;default&#8221; min_height=&#8221;1232.1px&#8221; custom_margin=&#8221;0px||||false|false&#8221; global_colors_info=&#8221;{}&#8221;][et_pb_row _builder_version=&#8221;4.16&#8243; _module_preset=&#8221;default&#8221; width=&#8221;70%&#8221; width_tablet=&#8221;70%&#8221; width_phone=&#8221;100%&#8221; width_last_edited=&#8221;on|phone&#8221; min_height=&#8221;173px&#8221; global_colors_info=&#8221;{}&#8221;][et_pb_column type=&#8221;4_4&#8243; _builder_version=&#8221;4.16&#8243; _module_preset=&#8221;default&#8221; global_colors_info=&#8221;{}&#8221;][et_pb_text _builder_version=&#8221;4.16&#8243; _module_preset=&#8221;default&#8221; header_2_font=&#8221;Inria Serif|700|||||||&#8221; header_2_text_color=&#8221;#0082AD&#8221; header_2_font_size=&#8221;40px&#8221; header_2_line_height=&#8221;1.3em&#8221; max_width=&#8221;80%&#8221; max_width_tablet=&#8221;80%&#8221; max_width_phone=&#8221;90%&#8221; max_width_last_edited=&#8221;on|desktop&#8221; module_alignment=&#8221;center&#8221; min_height=&#8221;87px&#8221; min_height_tablet=&#8221;87px&#8221; min_height_phone=&#8221;&#8221; min_height_last_edited=&#8221;on|phone&#8221; header_font_size_tablet=&#8221;&#8221; header_font_size_phone=&#8221;20px&#8221; header_font_size_last_edited=&#8221;on|phone&#8221; header_2_font_size_tablet=&#8221;40px&#8221; header_2_font_size_phone=&#8221;30px&#8221; header_2_font_size_last_edited=&#8221;on|phone&#8221; global_colors_info=&#8221;{}&#8221;]<\/p>\n<h2 style=\"text-align: center;\">Screening rakoviny plic je pro n\u00e1s pouze d\u00edl\u010d\u00edm c\u00edlem. M\u00ed\u0159\u00edme d\u00e1l.<\/h2>\n<p>[\/et_pb_text][\/et_pb_column][\/et_pb_row][et_pb_row _builder_version=&#8221;4.16&#8243; _module_preset=&#8221;default&#8221; width=&#8221;70%&#8221; width_tablet=&#8221;70%&#8221; width_phone=&#8221;100%&#8221; width_last_edited=&#8221;on|phone&#8221; global_colors_info=&#8221;{}&#8221;][et_pb_column type=&#8221;4_4&#8243; _builder_version=&#8221;4.16&#8243; _module_preset=&#8221;default&#8221; global_colors_info=&#8221;{}&#8221;][et_pb_text _builder_version=&#8221;4.16&#8243; _module_preset=&#8221;default&#8221; text_font=&#8221;Open Sans||||||||&#8221; text_text_color=&#8221;#404040&#8243; text_font_size=&#8221;16px&#8221; text_line_height=&#8221;1.4em&#8221; max_width=&#8221;60%&#8221; max_width_tablet=&#8221;60%&#8221; max_width_phone=&#8221;80%&#8221; max_width_last_edited=&#8221;on|desktop&#8221; module_alignment=&#8221;center&#8221; global_colors_info=&#8221;{}&#8221;]<\/p>\n<p>Ochrana neku\u0159\u00e1k\u016f, pr\u00e1ce s mladou generac\u00ed, rychlej\u0161\u00ed zav\u00e1d\u011bn\u00ed nov\u00fdch technologi\u00ed do praxe, d\u016fsledn\u00e1 prevence chronick\u00fdch respira\u010dn\u00edch onemocn\u011bn\u00ed \u2013 toto jsou ty aktivity, kter\u00e9 by dok\u00e1zaly zvr\u00e1tit nep\u0159\u00edzniv\u00e9 statistiky nemoc\u00ed, jako je CHOPN \u010di fibr\u00f3za plic.<\/p>\n<p>&nbsp;<\/p>\n<p>Ani p\u0159es velk\u00e9 pokroky v diagnostice a l\u00e9\u010db\u011b se u \u0159ady plicn\u00edch nemoc\u00ed dlouhodob\u011b neda\u0159\u00ed sn\u00ed\u017eit po\u010det \u00famrt\u00ed. Proto je pot\u0159eba zab\u00fdvat se p\u0159edev\u0161\u00edm p\u0159\u00ed\u010dinou rozvoje t\u011bchto nemoc\u00ed. Tou je nej\u010dast\u011bji aktivn\u00ed a pasivn\u00ed kou\u0159en\u00ed nebo dlouhodob\u00fd pobyt v pra\u0161n\u00e9m prost\u0159ed\u00ed. Dal\u0161\u00ed prioritou je odhalit onemocn\u011bn\u00ed v\u010das. Jedin\u011b tak je mo\u017en\u00e9 zv\u00fd\u0161it \u0161ance na \u00fasp\u011b\u0161nou l\u00e9\u010dbu a kvalitn\u00ed \u017eivot pacienta. K tomu jsou nutn\u00e9 preventivn\u00ed programy a tak\u00e9 edukace ve\u0159ejnosti. Zab\u00fdv\u00e1me se oboj\u00edm.<\/p>\n<p>[\/et_pb_text][\/et_pb_column][\/et_pb_row][et_pb_row _builder_version=&#8221;4.16&#8243; _module_preset=&#8221;default&#8221; width=&#8221;70%&#8221; width_tablet=&#8221;70%&#8221; width_phone=&#8221;90%&#8221; width_last_edited=&#8221;on|phone&#8221; min_height=&#8221;98px&#8221; custom_margin=&#8221;60px||0px||false|false&#8221; custom_padding=&#8221;||1px||false|false&#8221; global_colors_info=&#8221;{}&#8221;][et_pb_column type=&#8221;4_4&#8243; _builder_version=&#8221;4.16&#8243; _module_preset=&#8221;default&#8221; global_colors_info=&#8221;{}&#8221;][et_pb_text _builder_version=&#8221;4.16&#8243; _module_preset=&#8221;default&#8221; header_2_font=&#8221;Inria Serif|700|||||||&#8221; header_2_text_color=&#8221;#0082AD&#8221; header_2_font_size=&#8221;40px&#8221; min_height=&#8221;87px&#8221; custom_margin=&#8221;||0px||false|false&#8221; header_2_font_size_tablet=&#8221;40px&#8221; header_2_font_size_phone=&#8221;30px&#8221; header_2_font_size_last_edited=&#8221;on|phone&#8221; global_colors_info=&#8221;{}&#8221;]<\/p>\n<h2 style=\"text-align: center;\">Na\u0161e \u010dinnost v 8 bodech<\/h2>\n<p>[\/et_pb_text][\/et_pb_column][\/et_pb_row][et_pb_row column_structure=&#8221;1_4,1_4,1_4,1_4&#8243; _builder_version=&#8221;4.16&#8243; _module_preset=&#8221;default&#8221; width=&#8221;70%&#8221; width_tablet=&#8221;70%&#8221; width_phone=&#8221;60%&#8221; width_last_edited=&#8221;on|phone&#8221; module_alignment=&#8221;center&#8221; global_colors_info=&#8221;{}&#8221;][et_pb_column type=&#8221;1_4&#8243; _builder_version=&#8221;4.16&#8243; _module_preset=&#8221;default&#8221; global_colors_info=&#8221;{}&#8221;][et_pb_image src=&#8221;https:\/\/caro-gard.cz\/wp-content\/uploads\/2021\/12\/1-1.png&#8221; alt=&#8221;1&#8243; title_text=&#8221;1&#8243; _builder_version=&#8221;4.16&#8243; _module_preset=&#8221;default&#8221; max_width=&#8221;85%&#8221; max_width_tablet=&#8221;85%&#8221; max_width_phone=&#8221;80%&#8221; max_width_last_edited=&#8221;on|phone&#8221; module_alignment=&#8221;center&#8221; border_radii=&#8221;on|50%|50%|50%|50%&#8221; box_shadow_style=&#8221;preset1&#8243; box_shadow_blur=&#8221;54px&#8221; global_colors_info=&#8221;{}&#8221;][\/et_pb_image][et_pb_text _builder_version=&#8221;4.16&#8243; _module_preset=&#8221;default&#8221; text_font=&#8221;Inria Serif|700|||||||&#8221; text_text_color=&#8221;#404040&#8243; text_font_size=&#8221;16px&#8221; text_line_height=&#8221;1.3em&#8221; custom_margin=&#8221;||||false|false&#8221; custom_margin_tablet=&#8221;||||false|false&#8221; custom_margin_phone=&#8221;||50px||false|false&#8221; custom_margin_last_edited=&#8221;on|desktop&#8221; global_colors_info=&#8221;{}&#8221;]<\/p>\n<p style=\"text-align: center;\">Propagace neku\u0159\u00e1ctv\u00ed<\/p>\n<p>[\/et_pb_text][\/et_pb_column][et_pb_column type=&#8221;1_4&#8243; _builder_version=&#8221;4.16&#8243; _module_preset=&#8221;default&#8221; global_colors_info=&#8221;{}&#8221;][et_pb_image src=&#8221;https:\/\/caro-gard.cz\/wp-content\/uploads\/2021\/12\/1-2.png&#8221; alt=&#8221;2&#8243; title_text=&#8221;2&#8243; align=&#8221;center&#8221; _builder_version=&#8221;4.16&#8243; _module_preset=&#8221;default&#8221; max_width=&#8221;85%&#8221; max_width_tablet=&#8221;85%&#8221; max_width_phone=&#8221;80%&#8221; max_width_last_edited=&#8221;on|phone&#8221; border_radii=&#8221;on|50%|50%|50%|50%&#8221; box_shadow_style=&#8221;preset1&#8243; box_shadow_blur=&#8221;54px&#8221; global_colors_info=&#8221;{}&#8221;][\/et_pb_image][et_pb_text _builder_version=&#8221;4.16&#8243; _module_preset=&#8221;default&#8221; text_font=&#8221;Inria Serif|700|||||||&#8221; text_text_color=&#8221;#404040&#8243; text_font_size=&#8221;16px&#8221; text_line_height=&#8221;1.3em&#8221; custom_margin=&#8221;||50px||false|false&#8221; global_colors_info=&#8221;{}&#8221;]<\/p>\n<p style=\"text-align: center;\">Kontrola kompetenc\u00ed specializovan\u00fdch pracovi\u0161\u0165<\/p>\n<p>[\/et_pb_text][\/et_pb_column][et_pb_column type=&#8221;1_4&#8243; _builder_version=&#8221;4.16&#8243; _module_preset=&#8221;default&#8221; global_colors_info=&#8221;{}&#8221;][et_pb_image src=&#8221;https:\/\/caro-gard.cz\/wp-content\/uploads\/2021\/12\/1-3.png&#8221; alt=&#8221;3&#8243; title_text=&#8221;3&#8243; align=&#8221;center&#8221; _builder_version=&#8221;4.16&#8243; _module_preset=&#8221;default&#8221; max_width=&#8221;85%&#8221; border_radii=&#8221;on|50%|50%|50%|50%&#8221; box_shadow_style=&#8221;preset1&#8243; box_shadow_blur=&#8221;54px&#8221; global_colors_info=&#8221;{}&#8221;][\/et_pb_image][et_pb_text _builder_version=&#8221;4.16&#8243; _module_preset=&#8221;default&#8221; text_font=&#8221;Inria Serif|700|||||||&#8221; text_text_color=&#8221;#404040&#8243; text_font_size=&#8221;16px&#8221; text_line_height=&#8221;1.3em&#8221; custom_padding=&#8221;||50px||false|false&#8221; global_colors_info=&#8221;{}&#8221;]<\/p>\n<p style=\"text-align: center;\">Zav\u00e1d\u011bn\u00ed screeningov\u00fdch program\u016f<\/p>\n<p>[\/et_pb_text][\/et_pb_column][et_pb_column type=&#8221;1_4&#8243; _builder_version=&#8221;4.16&#8243; _module_preset=&#8221;default&#8221; global_colors_info=&#8221;{}&#8221;][et_pb_image src=&#8221;https:\/\/caro-gard.cz\/wp-content\/uploads\/2021\/12\/1-4.png&#8221; alt=&#8221;4&#8243; title_text=&#8221;4&#8243; align=&#8221;center&#8221; _builder_version=&#8221;4.16&#8243; _module_preset=&#8221;default&#8221; max_width=&#8221;85%&#8221; border_radii=&#8221;on|50%|50%|50%|50%&#8221; box_shadow_style=&#8221;preset1&#8243; box_shadow_blur=&#8221;54px&#8221; global_colors_info=&#8221;{}&#8221;][\/et_pb_image][et_pb_text _builder_version=&#8221;4.16&#8243; _module_preset=&#8221;default&#8221; text_font=&#8221;Inria Serif|700|||||||&#8221; text_text_color=&#8221;#404040&#8243; text_font_size=&#8221;16px&#8221; text_line_height=&#8221;1.3em&#8221; global_colors_info=&#8221;{}&#8221;]<\/p>\n<p style=\"text-align: center;\">Zaji\u0161t\u011bn\u00ed diagnostiky respira\u010dn\u00edch onemocn\u011bn\u00ed<\/p>\n<p>[\/et_pb_text][\/et_pb_column][\/et_pb_row][et_pb_row column_structure=&#8221;1_4,1_4,1_4,1_4&#8243; _builder_version=&#8221;4.16&#8243; _module_preset=&#8221;default&#8221; width=&#8221;70%&#8221; width_tablet=&#8221;70%&#8221; width_phone=&#8221;60%&#8221; width_last_edited=&#8221;on|phone&#8221; module_alignment=&#8221;center&#8221; custom_margin=&#8221;0px|auto||auto|false|false&#8221; custom_margin_tablet=&#8221;0px|auto||auto|false|false&#8221; custom_margin_phone=&#8221;10px|auto||auto|false|false&#8221; custom_margin_last_edited=&#8221;on|phone&#8221; global_colors_info=&#8221;{}&#8221;][et_pb_column type=&#8221;1_4&#8243; _builder_version=&#8221;4.16&#8243; _module_preset=&#8221;default&#8221; global_colors_info=&#8221;{}&#8221;][et_pb_image src=&#8221;https:\/\/caro-gard.cz\/wp-content\/uploads\/2021\/12\/1-5.png&#8221; alt=&#8221;5&#8243; title_text=&#8221;5&#8243; _builder_version=&#8221;4.16&#8243; _module_preset=&#8221;default&#8221; max_width=&#8221;85%&#8221; module_alignment=&#8221;center&#8221; border_radii=&#8221;on|50%|50%|50%|50%&#8221; box_shadow_style=&#8221;preset1&#8243; box_shadow_blur=&#8221;54px&#8221; global_colors_info=&#8221;{}&#8221;][\/et_pb_image][et_pb_text _builder_version=&#8221;4.16&#8243; _module_preset=&#8221;default&#8221; text_font=&#8221;Inria Serif|700|||||||&#8221; text_text_color=&#8221;#404040&#8243; text_font_size=&#8221;16px&#8221; text_line_height=&#8221;1.3em&#8221; custom_margin_tablet=&#8221;&#8221; custom_margin_phone=&#8221;||50px||false|false&#8221; custom_margin_last_edited=&#8221;on|phone&#8221; global_colors_info=&#8221;{}&#8221;]<\/p>\n<p style=\"text-align: center;\">Podpora vzd\u011bl\u00e1v\u00e1n\u00ed a v\u00fdzkumu<\/p>\n<p>[\/et_pb_text][\/et_pb_column][et_pb_column type=&#8221;1_4&#8243; _builder_version=&#8221;4.16&#8243; _module_preset=&#8221;default&#8221; global_colors_info=&#8221;{}&#8221;][et_pb_image src=&#8221;https:\/\/caro-gard.cz\/wp-content\/uploads\/2021\/12\/1-6.png&#8221; alt=&#8221;6&#8243; title_text=&#8221;6&#8243; align=&#8221;center&#8221; _builder_version=&#8221;4.16&#8243; _module_preset=&#8221;default&#8221; max_width=&#8221;85%&#8221; border_radii=&#8221;on|50%|50%|50%|50%&#8221; box_shadow_style=&#8221;preset1&#8243; box_shadow_blur=&#8221;54px&#8221; global_colors_info=&#8221;{}&#8221;][\/et_pb_image][et_pb_text _builder_version=&#8221;4.16&#8243; _module_preset=&#8221;default&#8221; text_font=&#8221;Inria Serif|700|||||||&#8221; text_text_color=&#8221;#404040&#8243; text_font_size=&#8221;16px&#8221; text_line_height=&#8221;1.3em&#8221; custom_margin_tablet=&#8221;&#8221; custom_margin_phone=&#8221;||50px||false|false&#8221; custom_margin_last_edited=&#8221;on|phone&#8221; global_colors_info=&#8221;{}&#8221;]<\/p>\n<p style=\"text-align: center;\">Spolupr\u00e1ce s org\u00e1ny WHO a EU, kter\u00e9 \u0159e\u0161\u00ed stejn\u00e1 t\u00e9mata<\/p>\n<p>[\/et_pb_text][\/et_pb_column][et_pb_column type=&#8221;1_4&#8243; _builder_version=&#8221;4.16&#8243; _module_preset=&#8221;default&#8221; global_colors_info=&#8221;{}&#8221;][et_pb_image src=&#8221;https:\/\/caro-gard.cz\/wp-content\/uploads\/2021\/12\/1-7.png&#8221; alt=&#8221;7&#8243; title_text=&#8221;7&#8243; _builder_version=&#8221;4.16&#8243; _module_preset=&#8221;default&#8221; max_width=&#8221;85%&#8221; module_alignment=&#8221;center&#8221; border_radii=&#8221;on|50%|50%|50%|50%&#8221; box_shadow_style=&#8221;preset1&#8243; box_shadow_blur=&#8221;54px&#8221; global_colors_info=&#8221;{}&#8221;][\/et_pb_image][et_pb_text _builder_version=&#8221;4.16&#8243; _module_preset=&#8221;default&#8221; text_font=&#8221;Inria Serif|700|||||||&#8221; text_text_color=&#8221;#404040&#8243; text_font_size=&#8221;16px&#8221; text_line_height=&#8221;1.3em&#8221; custom_margin_tablet=&#8221;&#8221; custom_margin_phone=&#8221;||50px||false|false&#8221; custom_margin_last_edited=&#8221;on|phone&#8221; global_colors_info=&#8221;{}&#8221;]<\/p>\n<p style=\"text-align: center;\">Zaji\u0161t\u011bn\u00ed dostupnosti epidemiologick\u00fdch dat<\/p>\n<p>[\/et_pb_text][\/et_pb_column][et_pb_column type=&#8221;1_4&#8243; _builder_version=&#8221;4.16&#8243; _module_preset=&#8221;default&#8221; global_colors_info=&#8221;{}&#8221;][et_pb_image src=&#8221;https:\/\/caro-gard.cz\/wp-content\/uploads\/2021\/12\/1-8.png&#8221; alt=&#8221;8&#8243; title_text=&#8221;8&#8243; align=&#8221;center&#8221; _builder_version=&#8221;4.16&#8243; _module_preset=&#8221;default&#8221; max_width=&#8221;85%&#8221; border_radii=&#8221;on|50%|50%|50%|50%&#8221; box_shadow_style=&#8221;preset1&#8243; box_shadow_blur=&#8221;54px&#8221; global_colors_info=&#8221;{}&#8221;][\/et_pb_image][et_pb_text _builder_version=&#8221;4.16&#8243; _module_preset=&#8221;default&#8221; text_font=&#8221;Inria Serif|700|||||||&#8221; text_text_color=&#8221;#404040&#8243; text_font_size=&#8221;16px&#8221; text_line_height=&#8221;1.3em&#8221; global_colors_info=&#8221;{}&#8221;]<\/p>\n<p style=\"text-align: center;\">Edukace pacient\u016f a laick\u00e9 ve\u0159ejnosti<\/p>\n<p>[\/et_pb_text][\/et_pb_column][\/et_pb_row][et_pb_row _builder_version=&#8221;4.16&#8243; _module_preset=&#8221;default&#8221; width=&#8221;70%&#8221; global_colors_info=&#8221;{}&#8221;][et_pb_column type=&#8221;4_4&#8243; _builder_version=&#8221;4.16&#8243; _module_preset=&#8221;default&#8221; global_colors_info=&#8221;{}&#8221;][et_pb_text _builder_version=&#8221;4.16&#8243; _module_preset=&#8221;default&#8221; text_font=&#8221;Inria Serif|700|||||||&#8221; text_text_color=&#8221;#0082AD&#8221; text_font_size=&#8221;23px&#8221; text_line_height=&#8221;1.3em&#8221; max_width=&#8221;60%&#8221; max_width_tablet=&#8221;60%&#8221; max_width_phone=&#8221;100%&#8221; max_width_last_edited=&#8221;on|phone&#8221; module_alignment=&#8221;center&#8221; custom_margin=&#8221;100px||||false|false&#8221; text_font_size_tablet=&#8221;23px&#8221; text_font_size_phone=&#8221;20px&#8221; text_font_size_last_edited=&#8221;on|phone&#8221; header_font_size_tablet=&#8221;&#8221; header_font_size_phone=&#8221;30px&#8221; header_font_size_last_edited=&#8221;on|phone&#8221; global_colors_info=&#8221;{}&#8221;]<\/p>\n<p style=\"text-align: center;\">Nejd\u016fle\u017eit\u011bj\u0161\u00ed informace o nemocech jsme shrnuli do 10 publikac\u00ed, kter\u00e9 jsou k dispozici zdarma<\/p>\n<p>[\/et_pb_text][\/et_pb_column][\/et_pb_row][et_pb_row _builder_version=&#8221;4.16&#8243; _module_preset=&#8221;default&#8221; width=&#8221;70%&#8221; global_colors_info=&#8221;{}&#8221;][et_pb_column type=&#8221;4_4&#8243; _builder_version=&#8221;4.16&#8243; _module_preset=&#8221;default&#8221; global_colors_info=&#8221;{}&#8221;][et_pb_button button_url=&#8221;https:\/\/caro-gard.cz\/?page_id=28#pub&#8221; button_text=&#8221;prohl\u00e9dnout si publikace&#8221; button_alignment=&#8221;center&#8221; _builder_version=&#8221;4.16&#8243; _module_preset=&#8221;default&#8221; custom_button=&#8221;on&#8221; button_text_size=&#8221;14px&#8221; button_text_color=&#8221;#FFFFFF&#8221; button_bg_color=&#8221;#DF428B&#8221; button_border_width=&#8221;0px&#8221; button_border_radius=&#8221;0px&#8221; button_font=&#8221;Inria Serif|700|||||||&#8221; button_icon=&#8221;&#x24;||divi||400&#8243; button_icon_color=&#8221;#FFFFFF&#8221; background_layout=&#8221;dark&#8221; custom_padding=&#8221;10px|25px|10px|25px|false|false&#8221; global_colors_info=&#8221;{}&#8221;][\/et_pb_button][\/et_pb_column][\/et_pb_row][\/et_pb_section][et_pb_section fb_built=&#8221;1&#8243; custom_padding_last_edited=&#8221;on|desktop&#8221; prev_background_color=&#8221;#ffffff&#8221; next_background_color=&#8221;#ffffff&#8221; module_id=&#8221;o-nas&#8221; _builder_version=&#8221;4.16&#8243; _module_preset=&#8221;default&#8221; use_background_color_gradient=&#8221;on&#8221; background_color_gradient_stops=&#8221;#264c99 0%|#0c71c3 100%&#8221; background_color_gradient_start=&#8221;#264c99&#8243; background_color_gradient_end=&#8221;#0c71c3&#8243; custom_margin=&#8221;-3px||||false|false&#8221; custom_margin_tablet=&#8221;-3px||||false|false&#8221; custom_margin_phone=&#8221;-3px||||false|false&#8221; custom_margin_last_edited=&#8221;on|desktop&#8221; custom_padding_tablet=&#8221;&#8221; custom_padding_phone=&#8221;&#8221; top_divider_style=&#8221;slant&#8221; top_divider_flip=&#8221;horizontal&#8221; bottom_divider_style=&#8221;slant&#8221; bottom_divider_flip=&#8221;horizontal&#8221; global_colors_info=&#8221;{}&#8221;][et_pb_row _builder_version=&#8221;4.16&#8243; _module_preset=&#8221;default&#8221; width=&#8221;70%&#8221; global_colors_info=&#8221;{}&#8221;][et_pb_column type=&#8221;4_4&#8243; _builder_version=&#8221;4.16&#8243; _module_preset=&#8221;default&#8221; global_colors_info=&#8221;{}&#8221;][et_pb_text module_id=&#8221;vyb&#8221; _builder_version=&#8221;4.16&#8243; _module_preset=&#8221;default&#8221; text_font=&#8221;Inria Serif|700|||||||&#8221; text_text_color=&#8221;#FFFFFF&#8221; text_font_size=&#8221;30px&#8221; text_line_height=&#8221;1.2em&#8221; custom_margin=&#8221;46px||||false|false&#8221; custom_margin_tablet=&#8221;46px||||false|false&#8221; custom_margin_phone=&#8221;46px||||false|false&#8221; custom_margin_last_edited=&#8221;on|desktop&#8221; global_colors_info=&#8221;{}&#8221;]<\/p>\n<p style=\"text-align: center;\">V\u00fdbor spole\u010dnosti<\/p>\n<p>[\/et_pb_text][\/et_pb_column][\/et_pb_row][et_pb_row column_structure=&#8221;1_3,1_3,1_3&#8243; _builder_version=&#8221;4.16&#8243; _module_preset=&#8221;default&#8221; width=&#8221;70%&#8221; width_tablet=&#8221;70%&#8221; width_phone=&#8221;70%&#8221; width_last_edited=&#8221;on|desktop&#8221; global_colors_info=&#8221;{}&#8221;][et_pb_column type=&#8221;1_3&#8243; _builder_version=&#8221;4.16&#8243; _module_preset=&#8221;default&#8221; global_colors_info=&#8221;{}&#8221;][et_pb_image src=&#8221;https:\/\/caro-gard.cz\/wp-content\/uploads\/2022\/02\/sova.png&#8221; title_text=&#8221;sova&#8221; _builder_version=&#8221;4.16&#8243; _module_preset=&#8221;default&#8221; max_width=&#8221;250px&#8221; module_alignment=&#8221;center&#8221; custom_margin=&#8221;100px||||false|false&#8221; custom_margin_tablet=&#8221;100px||||false|false&#8221; custom_margin_phone=&#8221;20px||||false|false&#8221; custom_margin_last_edited=&#8221;on|phone&#8221; box_shadow_style=&#8221;preset4&#8243; box_shadow_horizontal=&#8221;20px&#8221; box_shadow_vertical=&#8221;20px&#8221; box_shadow_color=&#8221;#DF428B&#8221; global_colors_info=&#8221;{}&#8221;][\/et_pb_image][et_pb_text _builder_version=&#8221;4.25.1&#8243; _module_preset=&#8221;default&#8221; text_font=&#8221;Inria Serif||||||||&#8221; text_text_color=&#8221;#FFFFFF&#8221; text_font_size=&#8221;13px&#8221; text_line_height=&#8221;1em&#8221; module_alignment=&#8221;center&#8221; custom_padding=&#8221;21px||||false|false&#8221; global_colors_info=&#8221;{}&#8221;]<\/p>\n<p style=\"text-align: center;\"><strong>prof. MUDr. Milan Sova, Ph.D.<\/strong><\/p>\n<p style=\"text-align: center;\">p\u0159edseda<\/p>\n<p>[\/et_pb_text][\/et_pb_column][et_pb_column type=&#8221;1_3&#8243; _builder_version=&#8221;4.16&#8243; _module_preset=&#8221;default&#8221; global_colors_info=&#8221;{}&#8221;][et_pb_image src=&#8221;https:\/\/caro-gard.cz\/wp-content\/uploads\/2022\/02\/petru.png&#8221; title_text=&#8221;petru&#8221; align_tablet=&#8221;center&#8221; align_phone=&#8221;center&#8221; align_last_edited=&#8221;on|tablet&#8221; _builder_version=&#8221;4.16&#8243; _module_preset=&#8221;default&#8221; max_width=&#8221;250px&#8221; module_alignment=&#8221;center&#8221; custom_margin=&#8221;50px||||false|false&#8221; custom_margin_tablet=&#8221;50px||||false|false&#8221; custom_margin_phone=&#8221;20px||||false|false&#8221; custom_margin_last_edited=&#8221;on|phone&#8221; box_shadow_style=&#8221;preset4&#8243; box_shadow_horizontal=&#8221;20px&#8221; box_shadow_vertical=&#8221;20px&#8221; box_shadow_color=&#8221;#DF428B&#8221; global_colors_info=&#8221;{}&#8221;][\/et_pb_image][et_pb_text _builder_version=&#8221;4.16&#8243; _module_preset=&#8221;default&#8221; text_font=&#8221;Inria Serif||||||||&#8221; text_text_color=&#8221;#FFFFFF&#8221; text_font_size=&#8221;13px&#8221; text_line_height=&#8221;1em&#8221; module_alignment=&#8221;center&#8221; custom_padding=&#8221;21px||||false|false&#8221; global_colors_info=&#8221;{}&#8221;]<\/p>\n<p style=\"text-align: center;\"><strong>doc. MUDr. V\u00edt Petr\u016f, CSc.<\/strong><\/p>\n<p style=\"text-align: center;\">m\u00edstop\u0159edseda<\/p>\n<p>[\/et_pb_text][\/et_pb_column][et_pb_column type=&#8221;1_3&#8243; _builder_version=&#8221;4.16&#8243; _module_preset=&#8221;default&#8221; global_colors_info=&#8221;{}&#8221;][et_pb_image src=&#8221;https:\/\/caro-gard.cz\/wp-content\/uploads\/2022\/02\/doubkova.png&#8221; title_text=&#8221;doubkova&#8221; align_tablet=&#8221;center&#8221; align_phone=&#8221;center&#8221; align_last_edited=&#8221;on|phone&#8221; _builder_version=&#8221;4.16&#8243; _module_preset=&#8221;default&#8221; width_tablet=&#8221;&#8221; width_phone=&#8221;&#8221; width_last_edited=&#8221;on|desktop&#8221; max_width=&#8221;250px&#8221; module_alignment=&#8221;center&#8221; custom_margin_tablet=&#8221;&#8221; custom_margin_phone=&#8221;20px||||false|false&#8221; custom_margin_last_edited=&#8221;on|phone&#8221; box_shadow_style=&#8221;preset4&#8243; box_shadow_horizontal=&#8221;20px&#8221; box_shadow_vertical=&#8221;20px&#8221; box_shadow_color=&#8221;#DF428B&#8221; global_colors_info=&#8221;{}&#8221;][\/et_pb_image][et_pb_text _builder_version=&#8221;4.16&#8243; _module_preset=&#8221;default&#8221; text_font=&#8221;Inria Serif||||||||&#8221; text_text_color=&#8221;#FFFFFF&#8221; text_font_size=&#8221;13px&#8221; text_line_height=&#8221;1em&#8221; module_alignment=&#8221;center&#8221; custom_padding=&#8221;21px||||false|false&#8221; global_colors_info=&#8221;{}&#8221;]<\/p>\n<p style=\"text-align: center;\"><strong>doc. MUDr. Martina Doubkov\u00e1, Ph.D.<\/strong><\/p>\n<p style=\"text-align: center;\">\u010dlenka v\u00fdboru<\/p>\n<p>[\/et_pb_text][\/et_pb_column][\/et_pb_row][et_pb_row column_structure=&#8221;1_3,1_3,1_3&#8243; _builder_version=&#8221;4.16&#8243; _module_preset=&#8221;default&#8221; width=&#8221;70%&#8221; width_tablet=&#8221;70%&#8221; width_phone=&#8221;70%&#8221; width_last_edited=&#8221;on|desktop&#8221; custom_margin=&#8221;-40px||||false|false&#8221; custom_margin_tablet=&#8221;-40px||||false|false&#8221; custom_margin_phone=&#8221;0px||||false|false&#8221; custom_margin_last_edited=&#8221;on|phone&#8221; global_colors_info=&#8221;{}&#8221;][et_pb_column type=&#8221;1_3&#8243; _builder_version=&#8221;4.16&#8243; _module_preset=&#8221;default&#8221; global_colors_info=&#8221;{}&#8221;][et_pb_image src=&#8221;https:\/\/caro-gard.cz\/wp-content\/uploads\/2022\/12\/PAUK_bw_upr-scaled.jpg&#8221; title_text=&#8221;PAUK_bw_upr&#8221; align_tablet=&#8221;&#8221; align_phone=&#8221;center&#8221; align_last_edited=&#8221;on|desktop&#8221; _builder_version=&#8221;4.19.2&#8243; _module_preset=&#8221;default&#8221; max_width=&#8221;250px&#8221; module_alignment=&#8221;center&#8221; custom_margin=&#8221;100px||||false|false&#8221; custom_margin_tablet=&#8221;100px||||false|false&#8221; custom_margin_phone=&#8221;20px||||false|false&#8221; custom_margin_last_edited=&#8221;on|phone&#8221; box_shadow_style=&#8221;preset4&#8243; box_shadow_horizontal=&#8221;20px&#8221; box_shadow_vertical=&#8221;20px&#8221; box_shadow_color=&#8221;#DF428B&#8221; global_colors_info=&#8221;{}&#8221;][\/et_pb_image][et_pb_text _builder_version=&#8221;4.19.2&#8243; _module_preset=&#8221;default&#8221; text_font=&#8221;Inria Serif||||||||&#8221; text_text_color=&#8221;#FFFFFF&#8221; text_font_size=&#8221;13px&#8221; text_line_height=&#8221;1em&#8221; module_alignment=&#8221;center&#8221; custom_padding=&#8221;21px||||false|false&#8221; global_colors_info=&#8221;{}&#8221;]<\/p>\n<p style=\"text-align: center;\"><strong>doc. MUDr. Norbert Pauk, Ph.D.<\/strong><\/p>\n<p style=\"text-align: center;\">\u010dlen v\u00fdboru<\/p>\n<p>[\/et_pb_text][\/et_pb_column][et_pb_column type=&#8221;1_3&#8243; _builder_version=&#8221;4.16&#8243; _module_preset=&#8221;default&#8221; global_colors_info=&#8221;{}&#8221;][et_pb_image src=&#8221;https:\/\/caro-gard.cz\/wp-content\/uploads\/2022\/02\/nakladalova.png&#8221; title_text=&#8221;nakladalova&#8221; align_tablet=&#8221;center&#8221; align_phone=&#8221;center&#8221; align_last_edited=&#8221;on|phone&#8221; _builder_version=&#8221;4.16&#8243; _module_preset=&#8221;default&#8221; max_width=&#8221;250px&#8221; module_alignment=&#8221;center&#8221; custom_margin=&#8221;50px||||false|false&#8221; custom_margin_tablet=&#8221;50px||||false|false&#8221; custom_margin_phone=&#8221;20px||||false|false&#8221; custom_margin_last_edited=&#8221;on|phone&#8221; box_shadow_style=&#8221;preset4&#8243; box_shadow_horizontal=&#8221;20px&#8221; box_shadow_vertical=&#8221;20px&#8221; box_shadow_color=&#8221;#DF428B&#8221; global_colors_info=&#8221;{}&#8221;][\/et_pb_image][et_pb_text _builder_version=&#8221;4.16&#8243; _module_preset=&#8221;default&#8221; text_font=&#8221;Inria Serif||||||||&#8221; text_text_color=&#8221;#FFFFFF&#8221; text_font_size=&#8221;13px&#8221; text_line_height=&#8221;1em&#8221; module_alignment=&#8221;center&#8221; custom_padding=&#8221;21px||||false|false&#8221; global_colors_info=&#8221;{}&#8221;]<\/p>\n<p style=\"text-align: center;\"><strong>doc. MUDr. Martina Nakl\u00e1dalov\u00e1, CSc.<\/strong><\/p>\n<p style=\"text-align: center;\">\u010dlenka v\u00fdboru<\/p>\n<p>[\/et_pb_text][\/et_pb_column][et_pb_column type=&#8221;1_3&#8243; _builder_version=&#8221;4.16&#8243; _module_preset=&#8221;default&#8221; global_colors_info=&#8221;{}&#8221;][et_pb_image src=&#8221;https:\/\/caro-gard.cz\/wp-content\/uploads\/2022\/02\/ondrej.png&#8221; alt=&#8221;doc. MUDr. Ond\u0159ej Rybn\u00ed\u010dek, Ph.D.&#8221; title_text=&#8221;ondrej&#8221; align_tablet=&#8221;center&#8221; align_phone=&#8221;center&#8221; align_last_edited=&#8221;on|phone&#8221; _builder_version=&#8221;4.16&#8243; _module_preset=&#8221;default&#8221; max_width=&#8221;250px&#8221; module_alignment=&#8221;center&#8221; custom_margin_tablet=&#8221;&#8221; custom_margin_phone=&#8221;20px||||false|false&#8221; custom_margin_last_edited=&#8221;on|phone&#8221; box_shadow_style=&#8221;preset4&#8243; box_shadow_horizontal=&#8221;20px&#8221; box_shadow_vertical=&#8221;20px&#8221; box_shadow_color=&#8221;#DF428B&#8221; global_colors_info=&#8221;{}&#8221;][\/et_pb_image][et_pb_text _builder_version=&#8221;4.16&#8243; _module_preset=&#8221;default&#8221; text_font=&#8221;Inria Serif||||||||&#8221; text_text_color=&#8221;#FFFFFF&#8221; text_font_size=&#8221;13px&#8221; text_line_height=&#8221;1em&#8221; module_alignment=&#8221;center&#8221; custom_padding=&#8221;21px||||false|false&#8221; global_colors_info=&#8221;{}&#8221;]<\/p>\n<p style=\"text-align: center;\"><strong>doc. MUDr. Ond\u0159ej Rybn\u00ed\u010dek, Ph.D.<\/strong><\/p>\n<p style=\"text-align: center;\">\u010dlen v\u00fdboru<\/p>\n<p>[\/et_pb_text][\/et_pb_column][\/et_pb_row][et_pb_row column_structure=&#8221;1_2,1_2&#8243; use_custom_gutter=&#8221;on&#8221; gutter_width=&#8221;4&#8243; _builder_version=&#8221;4.16&#8243; _module_preset=&#8221;default&#8221; width=&#8221;45%&#8221; width_tablet=&#8221;45%&#8221; width_phone=&#8221;70%&#8221; width_last_edited=&#8221;on|phone&#8221; module_alignment=&#8221;center&#8221; custom_margin=&#8221;-40px|auto|||false|false&#8221; custom_margin_tablet=&#8221;-40px|auto|||false|false&#8221; custom_margin_phone=&#8221;0px|auto|||false|false&#8221; custom_margin_last_edited=&#8221;on|phone&#8221; global_colors_info=&#8221;{}&#8221;][et_pb_column type=&#8221;1_2&#8243; _builder_version=&#8221;4.16&#8243; _module_preset=&#8221;default&#8221; global_colors_info=&#8221;{}&#8221;][et_pb_image src=&#8221;https:\/\/caro-gard.cz\/wp-content\/uploads\/2022\/02\/skrickova.png&#8221; title_text=&#8221;skrickova&#8221; align=&#8221;center&#8221; align_tablet=&#8221;center&#8221; align_phone=&#8221;center&#8221; align_last_edited=&#8221;on|tablet&#8221; _builder_version=&#8221;4.16&#8243; _module_preset=&#8221;default&#8221; max_width=&#8221;250px&#8221; module_alignment=&#8221;center&#8221; custom_margin=&#8221;100px||||false|false&#8221; custom_margin_tablet=&#8221;100px||||false|false&#8221; custom_margin_phone=&#8221;20px||||false|false&#8221; custom_margin_last_edited=&#8221;on|desktop&#8221; custom_padding=&#8221;||||false|false&#8221; box_shadow_style=&#8221;preset4&#8243; box_shadow_horizontal=&#8221;20px&#8221; box_shadow_vertical=&#8221;20px&#8221; box_shadow_color=&#8221;#DF428B&#8221; global_colors_info=&#8221;{}&#8221;][\/et_pb_image][et_pb_text _builder_version=&#8221;4.16&#8243; _module_preset=&#8221;default&#8221; text_font=&#8221;Inria Serif||||||||&#8221; text_text_color=&#8221;#FFFFFF&#8221; text_font_size=&#8221;13px&#8221; text_line_height=&#8221;1em&#8221; module_alignment=&#8221;center&#8221; custom_padding=&#8221;21px||||false|false&#8221; global_colors_info=&#8221;{}&#8221;]<\/p>\n<p style=\"text-align: center;\"><strong>prof. MUDr. Jana Sk\u0159i\u010dkov\u00e1, CSc.<\/strong><\/p>\n<p style=\"text-align: center;\">\u010dlenka v\u00fdboru<\/p>\n<p>[\/et_pb_text][\/et_pb_column][et_pb_column type=&#8221;1_2&#8243; _builder_version=&#8221;4.16&#8243; _module_preset=&#8221;default&#8221; global_colors_info=&#8221;{}&#8221;][et_pb_image src=&#8221;https:\/\/caro-gard.cz\/wp-content\/uploads\/2022\/02\/lischova.png&#8221; title_text=&#8221;lischova&#8221; align_tablet=&#8221;center&#8221; align_phone=&#8221;center&#8221; align_last_edited=&#8221;on|phone&#8221; _builder_version=&#8221;4.16&#8243; _module_preset=&#8221;default&#8221; max_width=&#8221;250px&#8221; module_alignment=&#8221;center&#8221; custom_margin=&#8221;50px||||false|false&#8221; custom_margin_tablet=&#8221;50px||||false|false&#8221; custom_margin_phone=&#8221;20px||||false|false&#8221; custom_margin_last_edited=&#8221;on|phone&#8221; box_shadow_style=&#8221;preset4&#8243; box_shadow_horizontal=&#8221;20px&#8221; box_shadow_vertical=&#8221;20px&#8221; box_shadow_color=&#8221;#DF428B&#8221; global_colors_info=&#8221;{}&#8221;][\/et_pb_image][et_pb_text _builder_version=&#8221;4.16&#8243; _module_preset=&#8221;default&#8221; text_font=&#8221;Inria Serif||||||||&#8221; text_text_color=&#8221;#FFFFFF&#8221; text_font_size=&#8221;13px&#8221; text_line_height=&#8221;1em&#8221; module_alignment=&#8221;center&#8221; custom_margin_tablet=&#8221;&#8221; custom_margin_phone=&#8221;||50px||false|false&#8221; custom_margin_last_edited=&#8221;on|phone&#8221; custom_padding=&#8221;21px||||false|false&#8221; global_colors_info=&#8221;{}&#8221;]<\/p>\n<p style=\"text-align: center;\"><strong>MUDr. Lucie Lischkov\u00e1<\/strong><\/p>\n<p style=\"text-align: center;\">pokladn\u00edk<\/p>\n<p>[\/et_pb_text][\/et_pb_column][\/et_pb_row][\/et_pb_section][et_pb_section fb_built=&#8221;1&#8243; _builder_version=&#8221;4.16&#8243; _module_preset=&#8221;default&#8221; global_colors_info=&#8221;{}&#8221;][et_pb_row module_id=&#8221;vysl&#8221; _builder_version=&#8221;4.16&#8243; _module_preset=&#8221;default&#8221; width=&#8221;70%&#8221; width_tablet=&#8221;70%&#8221; width_phone=&#8221;90%&#8221; width_last_edited=&#8221;on|phone&#8221; global_colors_info=&#8221;{}&#8221;][et_pb_column type=&#8221;4_4&#8243; _builder_version=&#8221;4.16&#8243; _module_preset=&#8221;default&#8221; global_colors_info=&#8221;{}&#8221;][et_pb_text _builder_version=&#8221;4.16&#8243; _module_preset=&#8221;default&#8221; text_font=&#8221;Inria Serif|700|||||||&#8221; text_text_color=&#8221;#0082AD&#8221; text_font_size=&#8221;40px&#8221; text_line_height=&#8221;1.3em&#8221; text_orientation=&#8221;center&#8221; max_width=&#8221;60%&#8221; max_width_tablet=&#8221;60%&#8221; max_width_phone=&#8221;100%&#8221; max_width_last_edited=&#8221;on|phone&#8221; module_alignment=&#8221;center&#8221; text_font_size_tablet=&#8221;40px&#8221; text_font_size_phone=&#8221;30px&#8221; text_font_size_last_edited=&#8221;on|phone&#8221; header_font_size_tablet=&#8221;&#8221; header_font_size_phone=&#8221;20px&#8221; header_font_size_last_edited=&#8221;on|phone&#8221; global_colors_info=&#8221;{}&#8221;]<\/p>\n<p style=\"text-align: center;\"><strong>Na\u0161e pr\u00e1ce p\u0159in\u00e1\u0161\u00ed konkr\u00e9tn\u00ed v\u00fdsledky<\/strong><\/p>\n<p>[\/et_pb_text][\/et_pb_column][\/et_pb_row][et_pb_row column_structure=&#8221;1_2,1_2&#8243; _builder_version=&#8221;4.16&#8243; _module_preset=&#8221;default&#8221; width=&#8221;70%&#8221; width_tablet=&#8221;70%&#8221; width_phone=&#8221;80%&#8221; width_last_edited=&#8221;on|phone&#8221; global_colors_info=&#8221;{}&#8221;][et_pb_column type=&#8221;1_2&#8243; _builder_version=&#8221;4.16&#8243; _module_preset=&#8221;default&#8221; global_colors_info=&#8221;{}&#8221;][et_pb_text _builder_version=&#8221;4.16&#8243; _module_preset=&#8221;default&#8221; text_font=&#8221;Open Sans||||||||&#8221; text_text_color=&#8221;#404040&#8243; text_line_height=&#8221;1.5em&#8221; header_font=&#8221;Inria Serif|700|||||||&#8221; header_text_color=&#8221;#0082AD&#8221; header_font_size=&#8221;20px&#8221; header_line_height=&#8221;1.3em&#8221; global_colors_info=&#8221;{}&#8221;]<\/p>\n<h1>Op\u00edr\u00e1me se o n\u00e1zory odborn\u00edk\u016f<\/h1>\n<p>Kou\u0159en\u00ed m\u016f\u017ee za 90 % v\u0161ech p\u0159\u00edpad\u016f rakoviny plic, 75 % chronick\u00fdch plicn\u00edch z\u00e1n\u011bt\u016f, 25 % kardiovaskul\u00e1rn\u00edch nemoc\u00ed a 25 % r\u016fzn\u00fdch n\u00e1dor\u016f. Z\u00e1rove\u0148 m\u00e1 pod\u00edl na vzniku astmatu, ovliv\u0148uje jeho v\u00fdvoj a vyvol\u00e1v\u00e1 astmatick\u00e9 z\u00e1chvaty. M\u00e1 na sv\u011bdom\u00ed zhor\u0161ov\u00e1n\u00ed plicn\u00edch funkc\u00ed u CHOPN.<\/p>\n<p>Pr\u016fb\u011b\u017en\u00e1 edukace a medializace fakt\u016f p\u0159ipom\u00ednaj\u00edc\u00edch \u0161kodlivost kou\u0159en\u00ed ze strany odborn\u00edk\u016f p\u0159isp\u011bla velkou m\u011brou ke schv\u00e1len\u00ed protiku\u0159\u00e1ck\u00e9ho z\u00e1kona, kter\u00fd plat\u00ed od r. 2017.<\/p>\n<p>&nbsp;<\/p>\n<h1><strong>Vyu\u017e\u00edv\u00e1me s\u00edlu m\u00e9di\u00ed<\/strong><\/h1>\n<p>Edukaci o dopadech tab\u00e1kov\u00fdch v\u00fdrobk\u016f na lidsk\u00e9 zdrav\u00ed pova\u017eujeme i nad\u00e1le za jednu z na\u0161ich priorit. Pravideln\u011b proto ve spolupr\u00e1ci s dal\u0161\u00edmi odborn\u00fdmi spole\u010dnostmi po\u0159\u00e1d\u00e1me tiskov\u00e9 konference, kde shrnujeme vliv kou\u0159en\u00ed na r\u016fzn\u00e1 plicn\u00ed onemocn\u011bn\u00ed, nejd\u016fle\u017eit\u011bj\u0161\u00ed fakta, statistiky a novinky v l\u00e9\u010db\u011b, diagn\u00f3ze nebo prevenci. Ka\u017ed\u00fd rok tak p\u0159ipom\u00edn\u00e1me Sv\u011btov\u00fd den rakoviny plic a Sv\u011btov\u00fd den chronick\u00e9 plicn\u00ed obstruk\u010dn\u00ed nemoci.<\/p>\n<p>[\/et_pb_text][\/et_pb_column][et_pb_column type=&#8221;1_2&#8243; _builder_version=&#8221;4.16&#8243; _module_preset=&#8221;default&#8221; global_colors_info=&#8221;{}&#8221;][et_pb_text _builder_version=&#8221;4.16&#8243; _module_preset=&#8221;default&#8221; text_font=&#8221;Open Sans||||||||&#8221; text_text_color=&#8221;#404040&#8243; text_line_height=&#8221;1.5em&#8221; header_font=&#8221;Inria Serif|700|||||||&#8221; header_text_color=&#8221;#0082AD&#8221; header_font_size=&#8221;20px&#8221; header_line_height=&#8221;1.3em&#8221; custom_margin_tablet=&#8221;&#8221; custom_margin_phone=&#8221;20px||||false|false&#8221; custom_margin_last_edited=&#8221;on|phone&#8221; global_colors_info=&#8221;{}&#8221;]<\/p>\n<h1>P\u0159edch\u00e1z\u00edme fake news<\/h1>\n<p>Podrobn\u00e9 informace o r\u016fzn\u00fdch plicn\u00edch onemocn\u011bn\u00edch jsme shrnuli v 10 tematick\u00fdch publikac\u00edch. Pacienti nebo jejich nejbli\u017e\u0161\u00ed si tak mohou zjistit v\u00edce o konkr\u00e9tn\u00ed diagn\u00f3ze od ov\u011b\u0159en\u00e9ho zdroje. T\u00e9mat\u016fm, kter\u00e1 zaj\u00edmaj\u00ed velk\u00e9 mno\u017estv\u00ed lid\u00ed, jako jsou nap\u0159\u00edklad sp\u00e1nkov\u00e9 poruchy nebo postcovidov\u00e9 p\u0159\u00edznaky, se v\u011bnujeme v on-line webin\u00e1\u0159\u00edch. Krom\u011b p\u0159edn\u00e1\u0161ek odborn\u00edk\u016f je v nich i prostor pro odpov\u00edd\u00e1n\u00ed na konkr\u00e9tn\u00ed dotazy div\u00e1k\u016f.<\/p>\n<p>&nbsp;<\/p>\n<h1><strong>Pracujeme na pozitivn\u00ed motivaci<\/strong><\/h1>\n<p>Dlouhodob\u011b usilujeme o lep\u0161\u00ed prevenci rakoviny plic. Dobrou zpr\u00e1vou je, \u017ee od ledna 2022 se mezi n\u00e1rodn\u00ed screeningov\u00e9 programy za\u0159adil screening rakoviny plic. Jeho \u00fakolem je odhalit rakovinu v po\u010d\u00e1te\u010dn\u00edm stadiu u vysoce rizikov\u00e9 skupiny pacient\u016f. T\u011bmi jsou lid\u00e9 star\u0161\u00ed 55 let, kte\u0159\u00ed dlouhodob\u011b kou\u0159\u00ed nebo kou\u0159ili. Nyn\u00ed d\u011bl\u00e1me v\u0161e pro to, abychom je motivovali k n\u00e1v\u0161t\u011bv\u011b plicn\u00edho l\u00e9ka\u0159e, a zabr\u00e1nili tak p\u0159\u00edpadn\u00e9mu rozvoji zhoubn\u00e9ho onemocn\u011bn\u00ed.<\/p>\n<p>[\/et_pb_text][\/et_pb_column][\/et_pb_row][et_pb_row _builder_version=&#8221;4.16&#8243; _module_preset=&#8221;default&#8221; width=&#8221;70%&#8221; width_tablet=&#8221;70%&#8221; width_phone=&#8221;100%&#8221; width_last_edited=&#8221;on|phone&#8221; global_colors_info=&#8221;{}&#8221;][et_pb_column type=&#8221;4_4&#8243; _builder_version=&#8221;4.16&#8243; _module_preset=&#8221;default&#8221; global_colors_info=&#8221;{}&#8221;][et_pb_cta title=&#8221;V\u00edce o tom, co m\u00e1me za sebou, rozv\u00e1d\u00edme ve v\u00fdro\u010dn\u00edch zpr\u00e1v\u00e1ch&#8221; button_url=&#8221;@ET-DC@eyJkeW5hbWljIjp0cnVlLCJjb250ZW50IjoicG9zdF9saW5rX3VybF9wYWdlIiwic2V0dGluZ3MiOnsicG9zdF9pZCI6IjI2NCJ9fQ==@&#8221; button_text=&#8221;nahl\u00e9dnout do v\u00fdro\u010dn\u00edch zpr\u00e1v&#8221; _builder_version=&#8221;4.16&#8243; _dynamic_attributes=&#8221;button_url&#8221; _module_preset=&#8221;default&#8221; header_font=&#8221;Inria Serif|700|||||||&#8221; header_text_color=&#8221;#0082AD&#8221; header_font_size=&#8221;25px&#8221; header_line_height=&#8221;1.3em&#8221; background_color=&#8221;#FFFFFF&#8221; custom_button=&#8221;on&#8221; button_text_size=&#8221;14px&#8221; button_text_color=&#8221;#FFFFFF&#8221; button_bg_color=&#8221;#DF428B&#8221; button_font=&#8221;Inria Serif|700|||||||&#8221; button_icon=&#8221;&#x24;||divi||400&#8243; button_alignment=&#8221;center&#8221; button_custom_margin=&#8221;||||false|false&#8221; button_custom_padding=&#8221;10px|25px|10px|25px|false|false&#8221; width_tablet=&#8221;&#8221; width_phone=&#8221;100%&#8221; width_last_edited=&#8221;on|phone&#8221; header_font_size_tablet=&#8221;25px&#8221; header_font_size_phone=&#8221;25px&#8221; header_font_size_last_edited=&#8221;on|phone&#8221; global_colors_info=&#8221;{}&#8221;][\/et_pb_cta][\/et_pb_column][\/et_pb_row][\/et_pb_section][et_pb_section fb_built=&#8221;1&#8243; _builder_version=&#8221;4.16&#8243; _module_preset=&#8221;default&#8221; use_background_color_gradient=&#8221;on&#8221; background_color_gradient_stops=&#8221;#246c99 0%|#0076c4 100%&#8221; background_color_gradient_start=&#8221;#246c99&#8243; background_color_gradient_end=&#8221;#0076c4&#8243; global_colors_info=&#8221;{}&#8221;][et_pb_row _builder_version=&#8221;4.16&#8243; _module_preset=&#8221;default&#8221; width=&#8221;70%&#8221; global_colors_info=&#8221;{}&#8221;][et_pb_column type=&#8221;4_4&#8243; _builder_version=&#8221;4.16&#8243; _module_preset=&#8221;default&#8221; global_colors_info=&#8221;{}&#8221;][et_pb_text _builder_version=&#8221;4.16&#8243; _module_preset=&#8221;default&#8221; text_font=&#8221;Inria Serif|700|||||||&#8221; text_text_color=&#8221;#FFFFFF&#8221; text_font_size=&#8221;30px&#8221; text_line_height=&#8221;1.2em&#8221; text_orientation=&#8221;center&#8221; global_colors_info=&#8221;{}&#8221;]<\/p>\n<p>D\u016fle\u017eit\u00e9 dokumenty<\/p>\n<p>[\/et_pb_text][\/et_pb_column][\/et_pb_row][et_pb_row column_structure=&#8221;1_4,1_4,1_4,1_4&#8243; _builder_version=&#8221;4.16&#8243; _module_preset=&#8221;default&#8221; width=&#8221;70%&#8221; global_colors_info=&#8221;{}&#8221;][et_pb_column type=&#8221;1_4&#8243; _builder_version=&#8221;4.16&#8243; _module_preset=&#8221;default&#8221; global_colors_info=&#8221;{}&#8221;][et_pb_image src=&#8221;https:\/\/caro-gard.cz\/wp-content\/uploads\/2021\/12\/ikona_dokumenty.svg&#8221; alt=&#8221;dokumenty&#8221; title_text=&#8221;dokumenty&#8221; url=&#8221;https:\/\/caro-gard.cz\/wp-content\/uploads\/2021\/12\/caro_zakladaci_listina.pdf&#8221; url_new_window=&#8221;on&#8221; align=&#8221;center&#8221; _builder_version=&#8221;4.16&#8243; _module_preset=&#8221;default&#8221; background_color=&#8221;RGBA(255,255,255,0)&#8221; module_alignment=&#8221;center&#8221; filter_invert_tablet=&#8221;&#8221; filter_invert_phone=&#8221;&#8221; filter_invert_last_edited=&#8221;on|desktop&#8221; global_colors_info=&#8221;{}&#8221; src__hover_enabled=&#8221;on|hover&#8221; filter_blur__hover_enabled=&#8221;off|hover&#8221; filter_blur__hover=&#8221;0px&#8221; filter_hue_rotate__hover_enabled=&#8221;on|hover&#8221; filter_hue_rotate__hover=&#8221;0deg&#8221; filter_contrast__hover_enabled=&#8221;on|hover&#8221; filter_contrast__hover=&#8221;100%&#8221; filter_invert__hover_enabled=&#8221;on|desktop&#8221; filter_invert__hover=&#8221;0%&#8221; filter_opacity__hover_enabled=&#8221;on|hover&#8221; filter_opacity__hover=&#8221;50%&#8221; src__hover=&#8221;https:\/\/caro-gard.cz\/wp-content\/uploads\/2021\/12\/ikona_dokumenty.svg&#8221; filter_sepia__hover_enabled=&#8221;on|hover&#8221; transform_styles__hover_enabled=&#8221;on|desktop&#8221; transform_scale__hover_enabled=&#8221;on|desktop&#8221; transform_translate__hover_enabled=&#8221;on|desktop&#8221; transform_rotate__hover_enabled=&#8221;on|desktop&#8221; transform_skew__hover_enabled=&#8221;on|desktop&#8221; transform_origin__hover_enabled=&#8221;on|desktop&#8221;][\/et_pb_image][et_pb_text _builder_version=&#8221;4.16&#8243; _module_preset=&#8221;default&#8221; text_font=&#8221;Inria Serif|700|||||||&#8221; text_text_color=&#8221;#FFFFFF&#8221; text_font_size=&#8221;18px&#8221; text_line_height=&#8221;1.4em&#8221; text_orientation=&#8221;center&#8221; module_alignment=&#8221;center&#8221; custom_margin_tablet=&#8221;&#8221; custom_margin_phone=&#8221;||30px||false|false&#8221; custom_margin_last_edited=&#8221;on|phone&#8221; link_option_url=&#8221;https:\/\/caro-gard.cz\/wp-content\/uploads\/2021\/12\/caro_zakladaci_listina.pdf&#8221; link_option_url_new_window=&#8221;on&#8221; global_colors_info=&#8221;{}&#8221; text_text_color__hover_enabled=&#8221;on|hover&#8221; text_text_color__hover=&#8221;#FFFFFF&#8221; filter_opacity__hover_enabled=&#8221;on|hover&#8221; filter_opacity__hover=&#8221;50%&#8221;]<\/p>\n<p>Zakl\u00e1dac\u00ed listina<\/p>\n<p>[\/et_pb_text][\/et_pb_column][et_pb_column type=&#8221;1_4&#8243; _builder_version=&#8221;4.16&#8243; _module_preset=&#8221;default&#8221; global_colors_info=&#8221;{}&#8221;][et_pb_image src=&#8221;https:\/\/caro-gard.cz\/wp-content\/uploads\/2021\/12\/ikona_dokumenty.svg&#8221; alt=&#8221;dokumenty&#8221; title_text=&#8221;dokumenty&#8221; url=&#8221;@ET-DC@eyJkeW5hbWljIjp0cnVlLCJjb250ZW50IjoicG9zdF9saW5rX3VybF9wYWdlIiwic2V0dGluZ3MiOnsicG9zdF9pZCI6Ijk4In19@&#8221; align=&#8221;center&#8221; _builder_version=&#8221;4.16&#8243; _dynamic_attributes=&#8221;url&#8221; _module_preset=&#8221;default&#8221; module_alignment=&#8221;center&#8221; hover_enabled=&#8221;1&#8243; global_colors_info=&#8221;{}&#8221; filter_opacity__hover_enabled=&#8221;on|hover&#8221; filter_opacity__hover=&#8221;50%&#8221; src__hover_enabled=&#8221;on|hover&#8221; src__hover=&#8221;https:\/\/caro-gard.cz\/wp-content\/uploads\/2021\/12\/ikona_dokumenty.svg&#8221;][\/et_pb_image][et_pb_text _builder_version=&#8221;4.16&#8243; _dynamic_attributes=&#8221;link_option_url&#8221; _module_preset=&#8221;default&#8221; text_font=&#8221;Inria Serif|700|||||||&#8221; text_text_color=&#8221;#FFFFFF&#8221; text_font_size=&#8221;18px&#8221; text_line_height=&#8221;1.4em&#8221; text_orientation=&#8221;center&#8221; module_alignment=&#8221;center&#8221; custom_margin=&#8221;||30px||false|false&#8221; link_option_url=&#8221;@ET-DC@eyJkeW5hbWljIjp0cnVlLCJjb250ZW50IjoicG9zdF9saW5rX3VybF9wYWdlIiwic2V0dGluZ3MiOnsicG9zdF9pZCI6Ijk4In19@&#8221; global_colors_info=&#8221;{}&#8221; filter_opacity__hover_enabled=&#8221;on|hover&#8221; filter_opacity__hover=&#8221;50%&#8221;]<\/p>\n<p>N\u00e1rodn\u00ed program boje proti chronick\u00fdm respira\u010dn\u00edm onemocn\u011bn\u00edm v \u010cR<\/p>\n<p>[\/et_pb_text][\/et_pb_column][et_pb_column type=&#8221;1_4&#8243; _builder_version=&#8221;4.16&#8243; _module_preset=&#8221;default&#8221; global_colors_info=&#8221;{}&#8221;][et_pb_image src=&#8221;https:\/\/caro-gard.cz\/wp-content\/uploads\/2021\/12\/ikona_dokumenty.svg&#8221; alt=&#8221;dokumenty&#8221; title_text=&#8221;dokumenty&#8221; url=&#8221;https:\/\/caro-gard.cz\/wp-content\/uploads\/2021\/12\/CARO_navrh_program.pdf&#8221; url_new_window=&#8221;on&#8221; align=&#8221;center&#8221; _builder_version=&#8221;4.16&#8243; _module_preset=&#8221;default&#8221; module_alignment=&#8221;center&#8221; global_colors_info=&#8221;{}&#8221; filter_opacity__hover_enabled=&#8221;on|hover&#8221; filter_opacity__hover=&#8221;50%&#8221;][\/et_pb_image][et_pb_text _builder_version=&#8221;4.16&#8243; _module_preset=&#8221;default&#8221; text_font=&#8221;Inria Serif|700|||||||&#8221; text_text_color=&#8221;#FFFFFF&#8221; text_font_size=&#8221;18px&#8221; text_line_height=&#8221;1.4em&#8221; text_orientation=&#8221;center&#8221; module_alignment=&#8221;center&#8221; custom_margin_tablet=&#8221;&#8221; custom_margin_phone=&#8221;||30px||false|false&#8221; custom_margin_last_edited=&#8221;on|phone&#8221; link_option_url=&#8221;https:\/\/caro-gard.cz\/wp-content\/uploads\/2021\/12\/CARO_navrh_program.pdf&#8221; link_option_url_new_window=&#8221;on&#8221; global_colors_info=&#8221;{}&#8221; filter_opacity__hover_enabled=&#8221;on|hover&#8221; filter_opacity__hover=&#8221;50%&#8221;]<\/p>\n<p>Prohl\u00e1\u0161en\u00ed ob\u010dansk\u00e9ho sdru\u017een\u00ed \u010cARO<\/p>\n<p>[\/et_pb_text][\/et_pb_column][et_pb_column type=&#8221;1_4&#8243; _builder_version=&#8221;4.16&#8243; _module_preset=&#8221;default&#8221; global_colors_info=&#8221;{}&#8221;][et_pb_image src=&#8221;https:\/\/caro-gard.cz\/wp-content\/uploads\/2021\/12\/ikona_dokumenty.svg&#8221; alt=&#8221;dokumenty&#8221; title_text=&#8221;dokumenty&#8221; url=&#8221;https:\/\/caro-gard.cz\/wp-content\/uploads\/2026\/03\/STANOVY-2023.pdf&#8221; url_new_window=&#8221;on&#8221; align=&#8221;center&#8221; _builder_version=&#8221;4.27.6&#8243; _module_preset=&#8221;default&#8221; module_alignment=&#8221;center&#8221; hover_enabled=&#8221;0&#8243; global_colors_info=&#8221;{}&#8221; filter_contrast__hover_enabled=&#8221;on|desktop&#8221; filter_opacity__hover_enabled=&#8221;on|hover&#8221; filter_opacity__hover=&#8221;50%&#8221; sticky_enabled=&#8221;0&#8243;][\/et_pb_image][et_pb_text _builder_version=&#8221;4.16&#8243; _module_preset=&#8221;default&#8221; text_font=&#8221;Inria Serif|700|||||||&#8221; text_text_color=&#8221;#FFFFFF&#8221; text_font_size=&#8221;18px&#8221; text_line_height=&#8221;1.4em&#8221; text_orientation=&#8221;center&#8221; module_alignment=&#8221;center&#8221; link_option_url=&#8221;https:\/\/caro-gard.cz\/wp-content\/uploads\/2022\/03\/Nove-stanovy-spolku-CARO.pdf&#8221; link_option_url_new_window=&#8221;on&#8221; global_colors_info=&#8221;{}&#8221; filter_opacity__hover_enabled=&#8221;on|hover&#8221; filter_opacity__hover=&#8221;50%&#8221;]<\/p>\n<p>Stanovy<\/p>\n<p>[\/et_pb_text][\/et_pb_column][\/et_pb_row][\/et_pb_section]<\/p>\n","protected":false},"excerpt":{"rendered":"<p>\u010cAROBojujeme za sv\u011bt, kde se dob\u0159e d\u00fdch\u00e1. Pracujeme na zvy\u0161ov\u00e1n\u00ed spole\u010densk\u00e9ho pov\u011bdom\u00ed o chronick\u00fdch neinfek\u010dn\u00edch nemocech d\u00fdchac\u00edho syst\u00e9mu.GARDSpolupracujeme se sv\u011btovou alianc\u00ed GARD, vz\u00e1jemn\u011b se d\u011bl\u00edme o zku\u0161enosti ve snaze o v\u010dasn\u00e9 odhalov\u00e1n\u00ed plicn\u00edch onemocn\u011bn\u00ed a jejich efektivn\u00ed l\u00e9\u010dbu.Screening rakoviny plic je pro n\u00e1s pouze d\u00edl\u010d\u00edm c\u00edlem. M\u00ed\u0159\u00edme d\u00e1l.Ochrana neku\u0159\u00e1k\u016f, pr\u00e1ce s mladou generac\u00ed, rychlej\u0161\u00ed zav\u00e1d\u011bn\u00ed [&hellip;]<\/p>\n","protected":false},"author":1,"featured_media":0,"parent":0,"menu_order":0,"comment_status":"closed","ping_status":"closed","template":"","meta":{"_et_pb_use_builder":"on","_et_pb_old_content":"","_et_gb_content_width":"","_monsterinsights_skip_tracking":false,"_monsterinsights_sitenote_active":false,"_monsterinsights_sitenote_note":"","_monsterinsights_sitenote_category":0,"footnotes":""},"aioseo_notices":[],"_links":{"self":[{"href":"https:\/\/caro-gard.cz\/index.php?rest_route=\/wp\/v2\/pages\/35"}],"collection":[{"href":"https:\/\/caro-gard.cz\/index.php?rest_route=\/wp\/v2\/pages"}],"about":[{"href":"https:\/\/caro-gard.cz\/index.php?rest_route=\/wp\/v2\/types\/page"}],"author":[{"embeddable":true,"href":"https:\/\/caro-gard.cz\/index.php?rest_route=\/wp\/v2\/users\/1"}],"replies":[{"embeddable":true,"href":"https:\/\/caro-gard.cz\/index.php?rest_route=%2Fwp%2Fv2%2Fcomments&post=35"}],"version-history":[{"count":50,"href":"https:\/\/caro-gard.cz\/index.php?rest_route=\/wp\/v2\/pages\/35\/revisions"}],"predecessor-version":[{"id":1220,"href":"https:\/\/caro-gard.cz\/index.php?rest_route=\/wp\/v2\/pages\/35\/revisions\/1220"}],"wp:attachment":[{"href":"https:\/\/caro-gard.cz\/index.php?rest_route=%2Fwp%2Fv2%2Fmedia&parent=35"}],"curies":[{"name":"wp","href":"https:\/\/api.w.org\/{rel}","templated":true}]}}